{"id":17105,"date":"2018-10-17T08:51:25","date_gmt":"2018-10-17T13:51:25","guid":{"rendered":"http:\/\/dev.groupeslm.com\/clients\/lactuel\/volunteer-work\/promotion-de-laction-benevole\/"},"modified":"2025-11-20T10:12:51","modified_gmt":"2025-11-20T15:12:51","slug":"recognition-of-volunteer-action","status":"publish","type":"page","link":"https:\/\/www.lactuel.org\/en\/volunteer-work\/recognition-of-volunteer-action\/","title":{"rendered":"Recognition of volunteer action"},"content":{"rendered":"<div class=\"wpb-content-wrapper\"><p>[vc_row][vc_column width=&#8221;1\/4&#8243;][\/vc_column][vc_column width=&#8221;1\/2&#8243;][vc_column_text css=&#8221;&#8221;]<\/p>\n<h1 style=\"text-align: center;\">I want to become a volunteer<\/h1>\n<p>[\/vc_column_text][vc_btn title=&#8221;Become a volunteer&#8221; color=&#8221;warning&#8221; size=&#8221;lg&#8221; align=&#8221;center&#8221; css=&#8221;&#8221; link=&#8221;url:https%3A%2F%2Fforms.gle%2FfvvL4jFe7jRofh8h8&#8243;][vc_separator css=&#8221;&#8221;][\/vc_column][vc_column width=&#8221;1\/4&#8243;][\/vc_column][\/vc_row][vc_row full_width=&#8221;stretch_row_content&#8221; content_placement=&#8221;middle&#8221; type=&#8221;vc_default&#8221; margin_bottom=&#8221;20&#8243; css=&#8221;.vc_custom_1542203700879{padding-bottom: 20px !important;}&#8221;][vc_column width=&#8221;1\/12&#8243; offset=&#8221;vc_col-lg-1 vc_col-md-1 vc_col-xs-12&#8243; css=&#8221;.vc_custom_1542203595672{padding-bottom: 50px !important;}&#8221;][\/vc_column][vc_column offset=&#8221;vc_col-lg-5 vc_col-md-12&#8243;][vc_column_text]<\/p>\n<h2 style=\"text-align: center; font-size: 24px; line-height: 32px;\">The Centre d\u2019action b\u00e9n\u00e9vole L\u2019Actuel is the volunteering reference in the Vaudreuil-Soulanges region.<\/h2>\n<p>[\/vc_column_text][vc_column_text]L\u2019Actuel assists organizations, supports volunteers and accompanies future volunteers looking for a volunteer offer that matches their tastes. Not to mention that L&#8217;Actuel promotes volunteer action in the field, in the media as well as on social networks.<\/p>\n<p>As a promoter of volunteer action, L&#8217;Actuel participates in various activities in the region to talk about volunteering and its benefits. Furthermore, the organization takes special pride in promoting <em>National Volunteer Week, <\/em>the <em>Hommage b\u00e9n\u00e9volat-Qu\u00e9bec awards<\/em> and<em> National Volunteer Day<\/em>.[\/vc_column_text][\/vc_column][vc_column offset=&#8221;vc_col-lg-5 vc_col-md-12&#8243;][vc_single_image image=&#8221;16326&#8243; img_size=&#8221;full&#8221; alignment=&#8221;center&#8221;][\/vc_column][vc_column width=&#8221;1\/12&#8243;][\/vc_column][\/vc_row][vc_row full_width=&#8221;stretch_row_content&#8221; bg_type=&#8221;bg_color&#8221; enable_overlay=&#8221;enable_overlay_value&#8221; overlay_pattern=&#8221;01.png&#8221; overlay_pattern_attachment=&#8221;fixed&#8221; css=&#8221;.vc_custom_1547651555452{border-bottom-width: 60px !important;}&#8221; bg_color_value=&#8221;#00539f&#8221;][vc_column width=&#8221;1\/12&#8243;][\/vc_column][vc_column width=&#8221;10\/12&#8243;][vc_row_inner css=&#8221;.vc_custom_1542221559990{padding-bottom: 30px !important;}&#8221;][vc_column_inner offset=&#8221;vc_col-lg-6 vc_col-md-12&#8243;][vc_single_image image=&#8221;16346&#8243; img_size=&#8221;full&#8221; alignment=&#8221;center&#8221;][\/vc_column_inner][vc_column_inner offset=&#8221;vc_col-lg-6 vc_col-md-12&#8243;][vc_column_text]<\/p>\n<h2 class=\"blanc\" style=\"text-align: center;\">National Volunteer Week<\/h2>\n<p>[\/vc_column_text][vc_column_text]<\/p>\n<p class=\"blanc\">Volunteers are the collective strength of today and tomorrow, their involvement is vital to the well-being of the community. That is why their great dedication and the importance of their involvement must be emphasized, particularly in the context of <em>National Volunteer Week<\/em>.<\/p>\n<p class=\"blanc\">Supported by the F\u00e9d\u00e9ration des centres d\u2019action b\u00e9n\u00e9vole du Qu\u00e9bec, <em>National Volunteer Week <\/em>is held in April. Each year, a theme and a visual are developed to recognize the contribution of volunteer action. The Centre d\u2019action b\u00e9n\u00e9vole L\u2019Actuel is one of the official distributors of promotional material. Organizations in Vaudreuil-Soulanges can contact it to order items.<\/p>\n<p>[\/vc_column_text][\/vc_column_inner][\/vc_row_inner][\/vc_column][vc_column width=&#8221;1\/12&#8243;][\/vc_column][\/vc_row][vc_row full_width=&#8221;stretch_row_content&#8221; enable_overlay=&#8221;enable_overlay_value&#8221; overlay_pattern=&#8221;01.png&#8221; overlay_pattern_attachment=&#8221;fixed&#8221; css=&#8221;.vc_custom_1544463552779{border-bottom-width: 60px !important;}&#8221;][vc_column width=&#8221;1\/12&#8243;][\/vc_column][vc_column width=&#8221;10\/12&#8243;][vc_row_inner css=&#8221;.vc_custom_1542221559990{padding-bottom: 30px !important;}&#8221;][vc_column_inner offset=&#8221;vc_col-lg-6 vc_col-md-12&#8243;][vc_column_text]<\/p>\n<h2 style=\"text-align: center;\">Hommage b\u00e9n\u00e9volat-Qu\u00e9bec Awards<\/h2>\n<p>[\/vc_column_text][vc_column_text]<em>Hommage b\u00e9n\u00e9volat-Qu\u00e9bec<\/em> awards are awarded by the Government of Qu\u00e9bec to recognize the exceptional commitment and valuable contributions of volunteers and organizations from all regions of Qu\u00e9bec. They are intended to reward the efforts of citizens in their communities and to promote the work of organizations to promote and foster volunteer involvement. About forty winners will be honoured throughout Qu\u00e9bec.<\/p>\n<p>Every year, the Centre d\u2019action b\u00e9n\u00e9vole L\u2019Actuel urges its partners, the media, municipalities, elected officials and organizations to promote them.[\/vc_column_text][\/vc_column_inner][vc_column_inner offset=&#8221;vc_col-lg-6 vc_col-md-12&#8243;][vc_single_image image=&#8221;16352&#8243; img_size=&#8221;600&#215;400&#8243; alignment=&#8221;center&#8221;][\/vc_column_inner][\/vc_row_inner][\/vc_column][vc_column width=&#8221;1\/12&#8243;][\/vc_column][\/vc_row][vc_row full_width=&#8221;stretch_row_content&#8221; bg_type=&#8221;bg_color&#8221; enable_overlay=&#8221;enable_overlay_value&#8221; overlay_pattern=&#8221;01.png&#8221; overlay_pattern_attachment=&#8221;fixed&#8221; css=&#8221;.vc_custom_1547651569968{border-bottom-width: 60px !important;}&#8221; bg_color_value=&#8221;#00539f&#8221;][vc_column width=&#8221;1\/12&#8243;][\/vc_column][vc_column width=&#8221;10\/12&#8243;][vc_row_inner css=&#8221;.vc_custom_1542221559990{padding-bottom: 30px !important;}&#8221;][vc_column_inner offset=&#8221;vc_col-lg-6 vc_col-md-12&#8243;][vc_single_image image=&#8221;16355&#8243; img_size=&#8221;600&#215;400&#8243; alignment=&#8221;center&#8221;][\/vc_column_inner][vc_column_inner offset=&#8221;vc_col-lg-6 vc_col-md-12&#8243;][vc_column_text]<\/p>\n<h2 class=\"blanc\" style=\"text-align: center;\">International Volunteer Day<\/h2>\n<p>[\/vc_column_text][vc_column_text]<\/p>\n<p class=\"blanc\">On December 5, 1985, the United Nations (UN) General Assembly established <em>International Volunteer Day<\/em> to highlight the importance of volunteers&#8217; contribution to the economic and social development of communities.<\/p>\n<p class=\"blanc\">The resolution adopted by the United Nations urges governments and organizations to take the necessary measures to raise awareness of the important contribution of volunteering, encourages people from all trades or professions to volunteer and strives to promote activities that will raise awareness of the contribution volunteers make through their actions.<\/p>\n<p class=\"blanc\">Through his mission and involvement in the community, the Centre d\u2019action b\u00e9n\u00e9vole L\u2019Actuel cannot ignore this most important day. On December 5, L\u2019Actuel takes action to thank its volunteers as well as those of all municipalities, among others, through advertising and posters.<\/p>\n<p class=\"blanc\"><em>Source: United Nations Organization<\/em><\/p>\n<p>[\/vc_column_text][\/vc_column_inner][\/vc_row_inner][\/vc_column][vc_column width=&#8221;1\/12&#8243;][\/vc_column][\/vc_row]<\/p>\n<\/div>","protected":false},"excerpt":{"rendered":"<p>[vc_row][vc_column width=&#8221;1\/4&#8243;][\/vc_column][vc_column width=&#8221;1\/2&#8243;][vc_column_text css=&#8221;&#8221;] I want to become a volunteer [\/vc_column_text][vc_btn title=&#8221;Become a volunteer&#8221; color=&#8221;warning&#8221; size=&#8221;lg&#8221; align=&#8221;center&#8221; css=&#8221;&#8221; link=&#8221;url:https%3A%2F%2Fforms.gle%2FfvvL4jFe7jRofh8h8&#8243;][vc_separator css=&#8221;&#8221;][\/vc_column][vc_column width=&#8221;1\/4&#8243;][\/vc_column][\/vc_row][vc_row full_width=&#8221;stretch_row_content&#8221; content_placement=&#8221;middle&#8221; type=&#8221;vc_default&#8221; margin_bottom=&#8221;20&#8243; css=&#8221;.vc_custom_1542203700879{padding-bottom: 20px !important;}&#8221;][vc_column width=&#8221;1\/12&#8243; offset=&#8221;vc_col-lg-1 vc_col-md-1 vc_col-xs-12&#8243; css=&#8221;.vc_custom_1542203595672{padding-bottom: 50px !important;}&#8221;][\/vc_column][vc_column offset=&#8221;vc_col-lg-5 vc_col-md-12&#8243;][vc_column_text] The Centre d\u2019action b\u00e9n\u00e9vole L\u2019Actuel is the volunteering reference in the Vaudreuil-Soulanges region. [\/vc_column_text][vc_column_text]L\u2019Actuel assists organizations, supports volunteers&hellip;<\/p>\n","protected":false},"author":2,"featured_media":0,"parent":17093,"menu_order":0,"comment_status":"closed","ping_status":"closed","template":"","meta":{"footnotes":""},"class_list":["post-17105","page","type-page","status-publish","hentry","description-off"],"yoast_head":"<!-- This site is optimized with the Yoast SEO plugin v27.4 - https:\/\/yoast.com\/product\/yoast-seo-wordpress\/ -->\n<title>Recognition of volunteer action - L&#039;Actuel<\/title>\n<meta name=\"robots\" content=\"index, follow, max-snippet:-1, max-image-preview:large, max-video-preview:-1\" \/>\n<link rel=\"canonical\" href=\"https:\/\/www.lactuel.org\/en\/volunteer-work\/recognition-of-volunteer-action\/\" \/>\n<meta property=\"og:locale\" content=\"en_US\" \/>\n<meta property=\"og:type\" content=\"article\" \/>\n<meta property=\"og:title\" content=\"Recognition of volunteer action - L&#039;Actuel\" \/>\n<meta property=\"og:description\" content=\"[vc_row][vc_column width=&#8221;1\/4&#8243;][\/vc_column][vc_column width=&#8221;1\/2&#8243;][vc_column_text css=&#8221;&#8221;] I want to become a volunteer [\/vc_column_text][vc_btn title=&#8221;Become a volunteer&#8221; color=&#8221;warning&#8221; size=&#8221;lg&#8221; align=&#8221;center&#8221; css=&#8221;&#8221; link=&#8221;url:https%3A%2F%2Fforms.gle%2FfvvL4jFe7jRofh8h8&#8243;][vc_separator css=&#8221;&#8221;][\/vc_column][vc_column width=&#8221;1\/4&#8243;][\/vc_column][\/vc_row][vc_row full_width=&#8221;stretch_row_content&#8221; content_placement=&#8221;middle&#8221; type=&#8221;vc_default&#8221; margin_bottom=&#8221;20&#8243; css=&#8221;.vc_custom_1542203700879{padding-bottom: 20px !important;}&#8221;][vc_column width=&#8221;1\/12&#8243; offset=&#8221;vc_col-lg-1 vc_col-md-1 vc_col-xs-12&#8243; css=&#8221;.vc_custom_1542203595672{padding-bottom: 50px !important;}&#8221;][\/vc_column][vc_column offset=&#8221;vc_col-lg-5 vc_col-md-12&#8243;][vc_column_text] The Centre d\u2019action b\u00e9n\u00e9vole L\u2019Actuel is the volunteering reference in the Vaudreuil-Soulanges region. [\/vc_column_text][vc_column_text]L\u2019Actuel assists organizations, supports volunteers&hellip;\" \/>\n<meta property=\"og:url\" content=\"https:\/\/www.lactuel.org\/en\/volunteer-work\/recognition-of-volunteer-action\/\" \/>\n<meta property=\"og:site_name\" content=\"L&#039;Actuel\" \/>\n<meta property=\"article:modified_time\" content=\"2025-11-20T15:12:51+00:00\" \/>\n<meta name=\"twitter:card\" content=\"summary_large_image\" \/>\n<meta name=\"twitter:label1\" content=\"Est. reading time\" \/>\n\t<meta name=\"twitter:data1\" content=\"3 minutes\" \/>\n<script type=\"application\/ld+json\" class=\"yoast-schema-graph\">{\"@context\":\"https:\\\/\\\/schema.org\",\"@graph\":[{\"@type\":\"WebPage\",\"@id\":\"https:\\\/\\\/www.lactuel.org\\\/en\\\/volunteer-work\\\/recognition-of-volunteer-action\\\/\",\"url\":\"https:\\\/\\\/www.lactuel.org\\\/en\\\/volunteer-work\\\/recognition-of-volunteer-action\\\/\",\"name\":\"Recognition of volunteer action - L&#039;Actuel\",\"isPartOf\":{\"@id\":\"https:\\\/\\\/www.lactuel.org\\\/#website\"},\"datePublished\":\"2018-10-17T13:51:25+00:00\",\"dateModified\":\"2025-11-20T15:12:51+00:00\",\"breadcrumb\":{\"@id\":\"https:\\\/\\\/www.lactuel.org\\\/en\\\/volunteer-work\\\/recognition-of-volunteer-action\\\/#breadcrumb\"},\"inLanguage\":\"en-US\",\"potentialAction\":[{\"@type\":\"ReadAction\",\"target\":[\"https:\\\/\\\/www.lactuel.org\\\/en\\\/volunteer-work\\\/recognition-of-volunteer-action\\\/\"]}]},{\"@type\":\"BreadcrumbList\",\"@id\":\"https:\\\/\\\/www.lactuel.org\\\/en\\\/volunteer-work\\\/recognition-of-volunteer-action\\\/#breadcrumb\",\"itemListElement\":[{\"@type\":\"ListItem\",\"position\":1,\"name\":\"Accueil\",\"item\":\"https:\\\/\\\/www.lactuel.org\\\/en\\\/\"},{\"@type\":\"ListItem\",\"position\":2,\"name\":\"Volunteer Work\",\"item\":\"https:\\\/\\\/www.lactuel.org\\\/en\\\/volunteer-work\\\/\"},{\"@type\":\"ListItem\",\"position\":3,\"name\":\"Recognition of volunteer action\"}]},{\"@type\":\"WebSite\",\"@id\":\"https:\\\/\\\/www.lactuel.org\\\/#website\",\"url\":\"https:\\\/\\\/www.lactuel.org\\\/\",\"name\":\"L&#039;Actuel\",\"description\":\"\",\"publisher\":{\"@id\":\"https:\\\/\\\/www.lactuel.org\\\/#organization\"},\"potentialAction\":[{\"@type\":\"SearchAction\",\"target\":{\"@type\":\"EntryPoint\",\"urlTemplate\":\"https:\\\/\\\/www.lactuel.org\\\/?s={search_term_string}\"},\"query-input\":{\"@type\":\"PropertyValueSpecification\",\"valueRequired\":true,\"valueName\":\"search_term_string\"}}],\"inLanguage\":\"en-US\"},{\"@type\":\"Organization\",\"@id\":\"https:\\\/\\\/www.lactuel.org\\\/#organization\",\"name\":\"Centre d'action b\u00e9n\u00e9vole L'Actuel\",\"url\":\"https:\\\/\\\/www.lactuel.org\\\/\",\"logo\":{\"@type\":\"ImageObject\",\"inLanguage\":\"en-US\",\"@id\":\"https:\\\/\\\/www.lactuel.org\\\/#\\\/schema\\\/logo\\\/image\\\/\",\"url\":\"https:\\\/\\\/www.lactuel.org\\\/wp-content\\\/uploads\\\/actuelHD.jpg\",\"contentUrl\":\"https:\\\/\\\/www.lactuel.org\\\/wp-content\\\/uploads\\\/actuelHD.jpg\",\"width\":360,\"height\":248,\"caption\":\"Centre d'action b\u00e9n\u00e9vole L'Actuel\"},\"image\":{\"@id\":\"https:\\\/\\\/www.lactuel.org\\\/#\\\/schema\\\/logo\\\/image\\\/\"}}]}<\/script>\n<!-- \/ Yoast SEO plugin. -->","yoast_head_json":{"title":"Recognition of volunteer action - L&#039;Actuel","robots":{"index":"index","follow":"follow","max-snippet":"max-snippet:-1","max-image-preview":"max-image-preview:large","max-video-preview":"max-video-preview:-1"},"canonical":"https:\/\/www.lactuel.org\/en\/volunteer-work\/recognition-of-volunteer-action\/","og_locale":"en_US","og_type":"article","og_title":"Recognition of volunteer action - L&#039;Actuel","og_description":"[vc_row][vc_column width=&#8221;1\/4&#8243;][\/vc_column][vc_column width=&#8221;1\/2&#8243;][vc_column_text css=&#8221;&#8221;] I want to become a volunteer [\/vc_column_text][vc_btn title=&#8221;Become a volunteer&#8221; color=&#8221;warning&#8221; size=&#8221;lg&#8221; align=&#8221;center&#8221; css=&#8221;&#8221; link=&#8221;url:https%3A%2F%2Fforms.gle%2FfvvL4jFe7jRofh8h8&#8243;][vc_separator css=&#8221;&#8221;][\/vc_column][vc_column width=&#8221;1\/4&#8243;][\/vc_column][\/vc_row][vc_row full_width=&#8221;stretch_row_content&#8221; content_placement=&#8221;middle&#8221; type=&#8221;vc_default&#8221; margin_bottom=&#8221;20&#8243; css=&#8221;.vc_custom_1542203700879{padding-bottom: 20px !important;}&#8221;][vc_column width=&#8221;1\/12&#8243; offset=&#8221;vc_col-lg-1 vc_col-md-1 vc_col-xs-12&#8243; css=&#8221;.vc_custom_1542203595672{padding-bottom: 50px !important;}&#8221;][\/vc_column][vc_column offset=&#8221;vc_col-lg-5 vc_col-md-12&#8243;][vc_column_text] The Centre d\u2019action b\u00e9n\u00e9vole L\u2019Actuel is the volunteering reference in the Vaudreuil-Soulanges region. [\/vc_column_text][vc_column_text]L\u2019Actuel assists organizations, supports volunteers&hellip;","og_url":"https:\/\/www.lactuel.org\/en\/volunteer-work\/recognition-of-volunteer-action\/","og_site_name":"L&#039;Actuel","article_modified_time":"2025-11-20T15:12:51+00:00","twitter_card":"summary_large_image","twitter_misc":{"Est. reading time":"3 minutes"},"schema":{"@context":"https:\/\/schema.org","@graph":[{"@type":"WebPage","@id":"https:\/\/www.lactuel.org\/en\/volunteer-work\/recognition-of-volunteer-action\/","url":"https:\/\/www.lactuel.org\/en\/volunteer-work\/recognition-of-volunteer-action\/","name":"Recognition of volunteer action - L&#039;Actuel","isPartOf":{"@id":"https:\/\/www.lactuel.org\/#website"},"datePublished":"2018-10-17T13:51:25+00:00","dateModified":"2025-11-20T15:12:51+00:00","breadcrumb":{"@id":"https:\/\/www.lactuel.org\/en\/volunteer-work\/recognition-of-volunteer-action\/#breadcrumb"},"inLanguage":"en-US","potentialAction":[{"@type":"ReadAction","target":["https:\/\/www.lactuel.org\/en\/volunteer-work\/recognition-of-volunteer-action\/"]}]},{"@type":"BreadcrumbList","@id":"https:\/\/www.lactuel.org\/en\/volunteer-work\/recognition-of-volunteer-action\/#breadcrumb","itemListElement":[{"@type":"ListItem","position":1,"name":"Accueil","item":"https:\/\/www.lactuel.org\/en\/"},{"@type":"ListItem","position":2,"name":"Volunteer Work","item":"https:\/\/www.lactuel.org\/en\/volunteer-work\/"},{"@type":"ListItem","position":3,"name":"Recognition of volunteer action"}]},{"@type":"WebSite","@id":"https:\/\/www.lactuel.org\/#website","url":"https:\/\/www.lactuel.org\/","name":"L&#039;Actuel","description":"","publisher":{"@id":"https:\/\/www.lactuel.org\/#organization"},"potentialAction":[{"@type":"SearchAction","target":{"@type":"EntryPoint","urlTemplate":"https:\/\/www.lactuel.org\/?s={search_term_string}"},"query-input":{"@type":"PropertyValueSpecification","valueRequired":true,"valueName":"search_term_string"}}],"inLanguage":"en-US"},{"@type":"Organization","@id":"https:\/\/www.lactuel.org\/#organization","name":"Centre d'action b\u00e9n\u00e9vole L'Actuel","url":"https:\/\/www.lactuel.org\/","logo":{"@type":"ImageObject","inLanguage":"en-US","@id":"https:\/\/www.lactuel.org\/#\/schema\/logo\/image\/","url":"https:\/\/www.lactuel.org\/wp-content\/uploads\/actuelHD.jpg","contentUrl":"https:\/\/www.lactuel.org\/wp-content\/uploads\/actuelHD.jpg","width":360,"height":248,"caption":"Centre d'action b\u00e9n\u00e9vole L'Actuel"},"image":{"@id":"https:\/\/www.lactuel.org\/#\/schema\/logo\/image\/"}}]}},"_links":{"self":[{"href":"https:\/\/www.lactuel.org\/en\/wp-json\/wp\/v2\/pages\/17105","targetHints":{"allow":["GET"]}}],"collection":[{"href":"https:\/\/www.lactuel.org\/en\/wp-json\/wp\/v2\/pages"}],"about":[{"href":"https:\/\/www.lactuel.org\/en\/wp-json\/wp\/v2\/types\/page"}],"author":[{"embeddable":true,"href":"https:\/\/www.lactuel.org\/en\/wp-json\/wp\/v2\/users\/2"}],"replies":[{"embeddable":true,"href":"https:\/\/www.lactuel.org\/en\/wp-json\/wp\/v2\/comments?post=17105"}],"version-history":[{"count":5,"href":"https:\/\/www.lactuel.org\/en\/wp-json\/wp\/v2\/pages\/17105\/revisions"}],"predecessor-version":[{"id":22374,"href":"https:\/\/www.lactuel.org\/en\/wp-json\/wp\/v2\/pages\/17105\/revisions\/22374"}],"up":[{"embeddable":true,"href":"https:\/\/www.lactuel.org\/en\/wp-json\/wp\/v2\/pages\/17093"}],"wp:attachment":[{"href":"https:\/\/www.lactuel.org\/en\/wp-json\/wp\/v2\/media?parent=17105"}],"curies":[{"name":"wp","href":"https:\/\/api.w.org\/{rel}","templated":true}]}}